{"id":1741,"date":"2017-12-01T21:09:29","date_gmt":"2017-12-01T21:09:29","guid":{"rendered":"http:\/\/vilanovadisanta.com\/home-slider\/"},"modified":"2019-01-18T09:59:21","modified_gmt":"2019-01-18T09:59:21","slug":"home-slider","status":"publish","type":"page","link":"https:\/\/vilanovadisanta.com\/es\/","title":{"rendered":"Vilanova d&#8217;Isanta"},"content":{"rendered":"\t\t<div data-elementor-type=\"wp-post\" data-elementor-id=\"1741\" class=\"elementor elementor-1741 elementor-25 elementor-bc-flex-widget\">\n\t\t\t\t\t\t<section class=\"elementor-section elementor-top-section elementor-element elementor-element-1c701846 elementor-section-full_width elementor-section-height-default elementor-section-height-default\" data-id=\"1c701846\" data-element_type=\"section\" data-settings=\"{&quot;background_background&quot;:&quot;classic&quot;}\">\n\t\t\t\t\t\t<div class=\"elementor-container elementor-column-gap-no\">\n\t\t\t\t\t<div class=\"elementor-column elementor-col-100 elementor-top-column elementor-element elementor-element-70937a43\" data-id=\"70937a43\" data-element_type=\"column\">\n\t\t\t<div class=\"elementor-widget-wrap elementor-element-populated\">\n\t\t\t\t\t\t<div class=\"elementor-element elementor-element-56e12954 elementor-widget elementor-widget-themo-slider\" data-id=\"56e12954\" data-element_type=\"widget\" data-widget_type=\"themo-slider.default\">\n\t\t\t\t<div class=\"elementor-widget-container\">\n\t\t\t\n\t\t<div id=\"main-flex-slider\" class=\"flexslider\">\n\t\t\t<ul class=\"slides\">\n\t\t\t\t\n                    \n                    \n\t\t\t\t\t\t\t\t\t\t                    \n                    <li class=\"elementor-repeater-item-48b566e\">\n\t\t\t\t\t\t<div class=\"slider-bg slide-cal-center \">\n                            <div class=\"th-slide-wrap th-slider-overlay has-image-bg\">\n                                <div class=\"th-slide-inner  th-left\">\n                                    <div class=\"th-slide-content\">\n                                                                                    <h2 class=\"slider-title\">UNA EXPERIENCIA RURAL<\/h2>\n                                        \n                                                                                                                            <div class=\"th-btn-wrap\">\n                                                                                                                                                            <a class=\"btn-1 btn th-btn btn-standard-light\" href=\"http:\/\/vilanovadisanta.com\/les-cases\">\n                                                                                                                            NUESTRAS CASAS                                                                                                                    <\/a>\n                                                                                                                                                                                                                                                                                                    <\/div>\n                                        \n                                        \n                                                                                                                                                                            \n                                            <div><\/div>                                                                            <\/div>\n                                <\/div>\n\t\t\t\t\t\t\t<\/div>\n\t\t\t\t\t\t<\/div>\n\t\t\t\t\t<\/li>\n\t\t\t\t\n                    \n                    \n\t\t\t\t\t\t\t\t\t\t                    \n                    <li class=\"elementor-repeater-item-07853c8\">\n\t\t\t\t\t\t<div class=\"slider-bg slide-cal-center  \">\n                            <div class=\"th-slide-wrap th-slider-overlay has-image-bg th-slide-wrap th-slider-overlay has-image-bg\">\n                                <div class=\"th-slide-inner  th-left\">\n                                    <div class=\"th-slide-content\">\n                                                                                    <h2 class=\"slider-title\">UN ENTORNO \u00daNICO<\/h2>\n                                        \n                                                                                                                            <div class=\"th-btn-wrap\">\n                                                                                                                                                            <a class=\"btn-1 btn th-btn btn-standard-light\" href=\"http:\/\/vilanovadisanta.com\/entorn\/\">\n                                                                                                                            VER M\u00c1S                                                                                                                    <\/a>\n                                                                                                                                                                                                <\/div>\n                                        \n                                        \n                                                                                                                                                                            \n                                            <div><\/div>                                                                            <\/div>\n                                <\/div>\n\t\t\t\t\t\t\t<\/div>\n\t\t\t\t\t\t<\/div>\n\t\t\t\t\t<\/li>\n\t\t\t\t\n                    \n                    \n\t\t\t\t\t\t\t\t\t\t                    \n                    <li class=\"elementor-repeater-item-1711fee\">\n\t\t\t\t\t\t<div class=\"slider-bg slide-cal-center   \">\n                            <div class=\"th-slide-wrap th-slider-overlay has-image-bg th-slide-wrap th-slider-overlay has-image-bg th-slide-wrap th-slider-overlay has-image-bg\">\n                                <div class=\"th-slide-inner  th-centered\">\n                                    <div class=\"th-slide-content\">\n                                                                                    <h2 class=\"slider-title\">LAS MEJORES INSTALACIONES<\/h2>\n                                        \n                                                                                                                            <div class=\"th-btn-wrap\">\n                                                                                                                                                            <a class=\"btn-1 btn th-btn btn-standard-light\" href=\"http:\/\/vilanovadisanta.com\/les-cases\">\n                                                                                                                            M\u00c1S INFORMACI\u00d3N                                                                                                                    <\/a>\n                                                                                                                                                                                                                                                                                                    <\/div>\n                                        \n                                        \n                                                                                                                                                                            \n                                            <div><\/div>                                                                            <\/div>\n                                <\/div>\n\t\t\t\t\t\t\t<\/div>\n\t\t\t\t\t\t<\/div>\n\t\t\t\t\t<\/li>\n\t\t\t\t\t\t\t<\/ul>\n\n\t\t\t\t\t<\/div>\n\n\t\t<script>\n\t\t\tjQuery( function ( $ ) {\n\n\t\t\t\tthemo_start_flex_slider(\n\t\t\t\t\t'.flexslider',\n                    false,\n\t\t\t\t\t'fade',\n\t\t\t\t\t'swing',\n\t\t\t\t\ttrue,\n\t\t\t\t\ttrue,\n\t\t\t\t\t3227,\n\t\t\t\t\t550,\n\t\t\t\t\tfalse,\n\t\t\t\t\ttrue,\n\t\t\t\t\ttrue,\n\t\t\t\t\ttrue,\n\t\t\t\t\ttrue\t\t\t\t);\n\t\t\t} );\n\t\t<\/script>\n\t\t\t\t<\/div>\n\t\t\t\t<\/div>\n\t\t\t\t\t<\/div>\n\t\t<\/div>\n\t\t\t\t\t<\/div>\n\t\t<\/section>\n\t\t\t\t<section class=\"elementor-section elementor-top-section elementor-element elementor-element-144cedfa elementor-section-boxed elementor-section-height-default elementor-section-height-default\" data-id=\"144cedfa\" data-element_type=\"section\" data-settings=\"{&quot;background_background&quot;:&quot;classic&quot;}\">\n\t\t\t\t\t\t<div class=\"elementor-container elementor-column-gap-default\">\n\t\t\t\t\t<div class=\"elementor-column elementor-col-100 elementor-top-column elementor-element elementor-element-6c43dac3\" data-id=\"6c43dac3\" data-element_type=\"column\">\n\t\t\t<div class=\"elementor-widget-wrap elementor-element-populated\">\n\t\t\t\t\t\t<div class=\"elementor-element elementor-element-2c97749b elementor-widget elementor-widget-spacer\" data-id=\"2c97749b\" data-element_type=\"widget\" data-widget_type=\"spacer.default\">\n\t\t\t\t<div class=\"elementor-widget-container\">\n\t\t\t\t\t<div class=\"elementor-spacer\">\n\t\t\t<div class=\"elementor-spacer-inner\"><\/div>\n\t\t<\/div>\n\t\t\t\t<\/div>\n\t\t\t\t<\/div>\n\t\t\t\t<div class=\"elementor-element elementor-element-4411db4b elementor-view-default elementor-position-top elementor-widget elementor-widget-themo-header\" data-id=\"4411db4b\" data-element_type=\"widget\" data-widget_type=\"themo-header.default\">\n\t\t\t\t<div class=\"elementor-widget-container\">\n\t\t\t\t\t<div class=\"th-header-wrap\">\n        <div class=\"elementor-icon-box-wrapper th-show-icon\">\n                            <div class=\"elementor-icon-box-icon th-icon-size-xl\">\n                    <span class=\"elementor-icon \">\n                        <i class=\"th-trip travelpack-mountains-snow\" aria-hidden=\"true\" fff><\/i>                    <\/span>\n                <\/div>\n                                <div class=\"elementor-icon-box-content\">\n                    <h2 class=\"elementor-icon-box-title\">\n                        VILANOVA D'ISANTA                    <\/h2>\n                                            <span class=\"th-header-divider\"><\/span>\n                                        <p class=\"elementor-icon-box-description\">Gran casa rural situada al pie de la monta\u00f1a de Port del Comte, a 1000 metros de altura. En una finca dedicada a la explotaci\u00f3n agr\u00edcola, ganadera (vacas) y forestal. La casa est\u00e1 rodeada de campos y bosques, en una zona muy tranquila y con grandes vistas panor\u00e1micas, a 125km de Barcelona, a 14km de Solsona y a 17km de las pistas de esqu\u00ed del Port del Comte. \n\nEs un sitio ideal para los amantes de la naturaleza, para quien quiera disfrutar de la tranquilidad y la paz y para las familias con ni\u00f1os, pues aqu\u00ed pueden correr con total libertad.<\/p>\n\n                                    <\/div>\n            <\/div>\n\n        <\/div>\n\n\t\t\t\t<\/div>\n\t\t\t\t<\/div>\n\t\t\t\t<div class=\"elementor-element elementor-element-6a38059b elementor-widget elementor-widget-spacer\" data-id=\"6a38059b\" data-element_type=\"widget\" data-widget_type=\"spacer.default\">\n\t\t\t\t<div class=\"elementor-widget-container\">\n\t\t\t\t\t<div class=\"elementor-spacer\">\n\t\t\t<div class=\"elementor-spacer-inner\"><\/div>\n\t\t<\/div>\n\t\t\t\t<\/div>\n\t\t\t\t<\/div>\n\t\t\t\t\t<\/div>\n\t\t<\/div>\n\t\t\t\t\t<\/div>\n\t\t<\/section>\n\t\t\t\t<section class=\"elementor-section elementor-top-section elementor-element elementor-element-34541714 elementor-section-full_width elementor-section-height-default elementor-section-height-default\" data-id=\"34541714\" data-element_type=\"section\">\n\t\t\t\t\t\t<div class=\"elementor-container elementor-column-gap-default\">\n\t\t\t\t\t<div class=\"elementor-column elementor-col-50 elementor-top-column elementor-element elementor-element-433476af\" data-id=\"433476af\" data-element_type=\"column\" data-settings=\"{&quot;background_background&quot;:&quot;classic&quot;}\">\n\t\t\t<div class=\"elementor-widget-wrap elementor-element-populated\">\n\t\t\t\t\t\t<div class=\"elementor-element elementor-element-18bd555a elementor-position-left elementor-view-default elementor-widget elementor-widget-themo-header\" data-id=\"18bd555a\" data-element_type=\"widget\" data-widget_type=\"themo-header.default\">\n\t\t\t\t<div class=\"elementor-widget-container\">\n\t\t\t\t\t<div class=\"th-header-wrap\">\n        <div class=\"elementor-icon-box-wrapper \">\n                            <div class=\"elementor-icon-box-content\">\n                    <h3 class=\"elementor-icon-box-title\">\n                        UN ENTORNO INIGUALABLE                    <\/h3>\n                                        <p class=\"elementor-icon-box-description\">Nos encontramos a las puertas de los Pirineos donde la naturaleza es la principal protagonista. A pesar de ello, estamos rodeados de cultura, vida y arte.<\/p>\n\n                                            <div class=\"th-btn-wrap\">\n                                                            <a class=\"btn-1 btn th-btn btn-standard-dark\" href=\"http:\/\/vilanovadisanta.com\/entorn\/\">\n                                                                            M\u00e1s informaci\u00f3n                                                                    <\/a>\n                            \n                                                    <\/div>\n                                    <\/div>\n            <\/div>\n\n        <\/div>\n\n\t\t\t\t<\/div>\n\t\t\t\t<\/div>\n\t\t\t\t\t<\/div>\n\t\t<\/div>\n\t\t\t\t<div class=\"elementor-column elementor-col-50 elementor-top-column elementor-element elementor-element-d26f5b5\" data-id=\"d26f5b5\" data-element_type=\"column\" data-settings=\"{&quot;background_background&quot;:&quot;classic&quot;}\">\n\t\t\t<div class=\"elementor-widget-wrap elementor-element-populated\">\n\t\t\t\t\t\t<div class=\"elementor-element elementor-element-3248a274 elementor-widget elementor-widget-spacer\" data-id=\"3248a274\" data-element_type=\"widget\" data-widget_type=\"spacer.default\">\n\t\t\t\t<div class=\"elementor-widget-container\">\n\t\t\t\t\t<div class=\"elementor-spacer\">\n\t\t\t<div class=\"elementor-spacer-inner\"><\/div>\n\t\t<\/div>\n\t\t\t\t<\/div>\n\t\t\t\t<\/div>\n\t\t\t\t\t<\/div>\n\t\t<\/div>\n\t\t\t\t\t<\/div>\n\t\t<\/section>\n\t\t\t\t<section class=\"elementor-section elementor-top-section elementor-element elementor-element-59b96edf elementor-section-full_width elementor-reverse-mobile elementor-section-height-default elementor-section-height-default\" data-id=\"59b96edf\" data-element_type=\"section\">\n\t\t\t\t\t\t<div class=\"elementor-container elementor-column-gap-default\">\n\t\t\t\t\t<div class=\"elementor-column elementor-col-50 elementor-top-column elementor-element elementor-element-7d49e414\" data-id=\"7d49e414\" data-element_type=\"column\" data-settings=\"{&quot;background_background&quot;:&quot;classic&quot;}\">\n\t\t\t<div class=\"elementor-widget-wrap elementor-element-populated\">\n\t\t\t\t\t\t<div class=\"elementor-element elementor-element-7ec1a0a2 elementor-widget elementor-widget-spacer\" data-id=\"7ec1a0a2\" data-element_type=\"widget\" data-widget_type=\"spacer.default\">\n\t\t\t\t<div class=\"elementor-widget-container\">\n\t\t\t\t\t<div class=\"elementor-spacer\">\n\t\t\t<div class=\"elementor-spacer-inner\"><\/div>\n\t\t<\/div>\n\t\t\t\t<\/div>\n\t\t\t\t<\/div>\n\t\t\t\t\t<\/div>\n\t\t<\/div>\n\t\t\t\t<div class=\"elementor-column elementor-col-50 elementor-top-column elementor-element elementor-element-35aab36a\" data-id=\"35aab36a\" data-element_type=\"column\" data-settings=\"{&quot;background_background&quot;:&quot;classic&quot;}\">\n\t\t\t<div class=\"elementor-widget-wrap elementor-element-populated\">\n\t\t\t\t\t\t<div class=\"elementor-element elementor-element-61ff6c29 elementor-position-left elementor-view-default elementor-widget elementor-widget-themo-header\" data-id=\"61ff6c29\" data-element_type=\"widget\" data-widget_type=\"themo-header.default\">\n\t\t\t\t<div class=\"elementor-widget-container\">\n\t\t\t\t\t<div class=\"th-header-wrap\">\n        <div class=\"elementor-icon-box-wrapper \">\n                            <div class=\"elementor-icon-box-content\">\n                    <h3 class=\"elementor-icon-box-title\">\n                        CON NOSOTROS NO OS ABURRIR\u00c9IS NUNCA                    <\/h3>\n                                        <p class=\"elementor-icon-box-description\">Cerca de Vilanova d'Isanta encontrar\u00e9is mil y una actividades para hacer. Podr\u00e9is practicar deporte, hacer visitas culturales y hasta volar por el cielo del Solson\u00e8s.<\/p>\n\n                                            <div class=\"th-btn-wrap\">\n                                                            <a class=\"btn-1 btn th-btn btn-standard-dark\" href=\"http:\/\/vilanovadisanta.com\/activitats\/\">\n                                                                            M\u00e1s informaci\u00f3n                                                                    <\/a>\n                            \n                                                    <\/div>\n                                    <\/div>\n            <\/div>\n\n        <\/div>\n\n\t\t\t\t<\/div>\n\t\t\t\t<\/div>\n\t\t\t\t\t<\/div>\n\t\t<\/div>\n\t\t\t\t\t<\/div>\n\t\t<\/section>\n\t\t\t\t<section class=\"elementor-section elementor-top-section elementor-element elementor-element-1012bec elementor-section-boxed elementor-section-height-default elementor-section-height-default\" data-id=\"1012bec\" data-element_type=\"section\">\n\t\t\t\t\t\t<div class=\"elementor-container elementor-column-gap-default\">\n\t\t\t\t\t<div class=\"elementor-column elementor-col-100 elementor-top-column elementor-element elementor-element-f2d2a97\" data-id=\"f2d2a97\" data-element_type=\"column\">\n\t\t\t<div class=\"elementor-widget-wrap elementor-element-populated\">\n\t\t\t\t\t\t<div class=\"elementor-element elementor-element-775c7f4 elementor-widget elementor-widget-spacer\" data-id=\"775c7f4\" data-element_type=\"widget\" data-widget_type=\"spacer.default\">\n\t\t\t\t<div class=\"elementor-widget-container\">\n\t\t\t\t\t<div class=\"elementor-spacer\">\n\t\t\t<div class=\"elementor-spacer-inner\"><\/div>\n\t\t<\/div>\n\t\t\t\t<\/div>\n\t\t\t\t<\/div>\n\t\t\t\t\t<\/div>\n\t\t<\/div>\n\t\t\t\t\t<\/div>\n\t\t<\/section>\n\t\t\t\t<section class=\"elementor-section elementor-top-section elementor-element elementor-element-c10ae1e elementor-section-boxed elementor-section-height-default elementor-section-height-default\" data-id=\"c10ae1e\" data-element_type=\"section\">\n\t\t\t\t\t\t<div class=\"elementor-container elementor-column-gap-default\">\n\t\t\t\t\t<div class=\"elementor-column elementor-col-100 elementor-top-column elementor-element elementor-element-7c54160\" data-id=\"7c54160\" data-element_type=\"column\">\n\t\t\t<div class=\"elementor-widget-wrap elementor-element-populated\">\n\t\t\t\t\t\t<div class=\"elementor-element elementor-element-fe3d13e elementor-view-default elementor-position-top elementor-widget elementor-widget-themo-header\" data-id=\"fe3d13e\" data-element_type=\"widget\" data-widget_type=\"themo-header.default\">\n\t\t\t\t<div class=\"elementor-widget-container\">\n\t\t\t\t\t<div class=\"th-header-wrap\">\n        <div class=\"elementor-icon-box-wrapper th-show-icon\">\n                            <div class=\"elementor-icon-box-icon th-icon-size-lg\">\n                    <span class=\"elementor-icon \">\n                        <i class=\"th-trip travelpack-reading-glasses\" aria-hidden=\"true\" fff><\/i>                    <\/span>\n                <\/div>\n                                <div class=\"elementor-icon-box-content\">\n                    <h2 class=\"elementor-icon-box-title\">\n                        Leed nuestro blog                    <\/h2>\n                                        <p class=\"elementor-icon-box-description\"><\/p>\n\n                                    <\/div>\n            <\/div>\n\n        <\/div>\n\n\t\t\t\t<\/div>\n\t\t\t\t<\/div>\n\t\t\t\t\t<\/div>\n\t\t<\/div>\n\t\t\t\t\t<\/div>\n\t\t<\/section>\n\t\t\t\t<section class=\"elementor-section elementor-top-section elementor-element elementor-element-3c7db73 elementor-section-boxed elementor-section-height-default elementor-section-height-default\" data-id=\"3c7db73\" data-element_type=\"section\">\n\t\t\t\t\t\t<div class=\"elementor-container elementor-column-gap-default\">\n\t\t\t\t\t<div class=\"elementor-column elementor-col-100 elementor-top-column elementor-element elementor-element-a52c45a\" data-id=\"a52c45a\" data-element_type=\"column\">\n\t\t\t<div class=\"elementor-widget-wrap elementor-element-populated\">\n\t\t\t\t\t\t<div class=\"elementor-element elementor-element-3b97550 elementor-widget elementor-widget-themo-blog\" data-id=\"3b97550\" data-element_type=\"widget\" data-widget_type=\"themo-blog.default\">\n\t\t\t\t<div class=\"elementor-widget-container\">\n\t\t\t\n                                <section class=\"th-masonry-blog th-blog-3-col\">\n\n                        <div class=\"mas-blog row\">\n                            <div class=\"mas-blog-post-sizer col-sm-6 col-md-4\"><\/div>\n                                                                                            <div class=\"mas-blog-post col-sm-6 col-md-4 post-2677 post type-post status-publish format-standard has-post-thumbnail hentry category-blog-es\">\n                                                <a href=\"https:\/\/vilanovadisanta.com\/es\/rutes-a-peu-amb-infants\/2677\/\">\n            <img fetchpriority=\"high\" decoding=\"async\" width=\"300\" height=\"300\" src=\"https:\/\/vilanovadisanta.com\/wp-content\/uploads\/2020\/11\/nenscaminant.jpg\" class=\"img-responsive wp-post-image\" alt=\"\" srcset=\"https:\/\/vilanovadisanta.com\/wp-content\/uploads\/2020\/11\/nenscaminant.jpg 300w, https:\/\/vilanovadisanta.com\/wp-content\/uploads\/2020\/11\/nenscaminant-150x150.jpg 150w, https:\/\/vilanovadisanta.com\/wp-content\/uploads\/2020\/11\/nenscaminant-85x85.jpg 85w, https:\/\/vilanovadisanta.com\/wp-content\/uploads\/2020\/11\/nenscaminant-80x80.jpg 80w\" sizes=\"(max-width: 300px) 100vw, 300px\" \/>        <\/a>\n    \n<div class=\"post-inner\">\n    <h3 class=\"post-title\"><a href=\"https:\/\/vilanovadisanta.com\/es\/rutes-a-peu-amb-infants\/2677\/\">RUTES A PEU AMB INFANTS<\/a><\/h3>\n\n    <div class=\"post-meta\">\n    <a href=\"https:\/\/vilanovadisanta.com\/es\/category\/blog-es\/\" rel=\"category tag\">Blog<\/a><\/div>\n\n            <div class=\"entry-content post-excerpt\">\n            <p>\n                Sabem que Vilanova d\u2019Isanta \u00e9s un lloc per moltes fam\u00edlies, per la tranquil\u00b7litat, l\u2019espai i la seguretat dels m\u00e9s petits. L\u2019entorn de la casa i la comarca del Solson\u00e8s ofereixen moltes possibilitats d\u2019excursions per tota la fam\u00edlia si sou dels &hellip; <a href=\"https:\/\/vilanovadisanta.com\/es\/rutes-a-peu-amb-infants\/2677\/\">Read More<\/a>            <\/p>\n        <\/div>\n            <div class=\"date-meta\">\n    <span class=\"thmv-author\">\n    <i class=\"xs-icon fa fa-calendar-o\"><\/i>\n    <!--div class=\"post-meta\"-->\n        <span class=\"themo-mas-date-meta show-author\"><a href=\"https:\/\/vilanovadisanta.com\/es\/author\/admin\/\" title=\"Entradas de admin\" rel=\"author\">admin<\/a><\/span>\n    <\/span>\n    \n        <time class=\"themo-mas-date-meta published thmv-date\" datetime=\"2021-03-06T09:13:33+00:00\">6 marzo, 2021<\/time>\n            <!--\/div-->\n    <span class=\"is-sticky\">Featured Post<\/span>\n<\/div><\/div>\n                                <\/div>\n\n                                                                                            <div class=\"mas-blog-post col-sm-6 col-md-4 post-2675 post type-post status-publish format-standard has-post-thumbnail hentry category-blog-es\">\n                                                <a href=\"https:\/\/vilanovadisanta.com\/es\/xoriguer\/2675\/\">\n            <img decoding=\"async\" width=\"394\" height=\"303\" src=\"https:\/\/vilanovadisanta.com\/wp-content\/uploads\/2020\/11\/xoriguer-394x303.jpg\" class=\"img-responsive wp-post-image\" alt=\"\" srcset=\"https:\/\/vilanovadisanta.com\/wp-content\/uploads\/2020\/11\/xoriguer-394x303.jpg 394w, https:\/\/vilanovadisanta.com\/wp-content\/uploads\/2020\/11\/xoriguer-605x465.jpg 605w\" sizes=\"(max-width: 394px) 100vw, 394px\" \/>        <\/a>\n    \n<div class=\"post-inner\">\n    <h3 class=\"post-title\"><a href=\"https:\/\/vilanovadisanta.com\/es\/xoriguer\/2675\/\">XORIGUER<\/a><\/h3>\n\n    <div class=\"post-meta\">\n    <a href=\"https:\/\/vilanovadisanta.com\/es\/category\/blog-es\/\" rel=\"category tag\">Blog<\/a><\/div>\n\n            <div class=\"entry-content post-excerpt\">\n            <p>\n                Mireu qui ens ha vingut a visitar a casa! Aquest xoriguer com\u00fa tan bonic i simp\u00e0tic ha trobat refugi a l\u2019ampit de la nostra finestra. Hi deu estar molt a gust perqu\u00e8 s\u2019hi ha quedat tot el dia i nosaltres &hellip; <a href=\"https:\/\/vilanovadisanta.com\/es\/xoriguer\/2675\/\">Read More<\/a>            <\/p>\n        <\/div>\n            <div class=\"date-meta\">\n    <span class=\"thmv-author\">\n    <i class=\"xs-icon fa fa-calendar-o\"><\/i>\n    <!--div class=\"post-meta\"-->\n        <span class=\"themo-mas-date-meta show-author\"><a href=\"https:\/\/vilanovadisanta.com\/es\/author\/admin\/\" title=\"Entradas de admin\" rel=\"author\">admin<\/a><\/span>\n    <\/span>\n    \n        <time class=\"themo-mas-date-meta published thmv-date\" datetime=\"2021-02-06T09:11:39+00:00\">6 febrero, 2021<\/time>\n            <!--\/div-->\n    <span class=\"is-sticky\">Featured Post<\/span>\n<\/div><\/div>\n                                <\/div>\n\n                                                                                            <div class=\"mas-blog-post col-sm-6 col-md-4 post-2673 post type-post status-publish format-standard has-post-thumbnail hentry category-blog-es\">\n                                                <a href=\"https:\/\/vilanovadisanta.com\/es\/restauracio-del-castell-de-lladurs\/2673\/\">\n            <img decoding=\"async\" width=\"394\" height=\"303\" src=\"https:\/\/vilanovadisanta.com\/wp-content\/uploads\/2020\/11\/Castell-de-Lladurs-1024x768-394x303.jpg\" class=\"img-responsive wp-post-image\" alt=\"\" srcset=\"https:\/\/vilanovadisanta.com\/wp-content\/uploads\/2020\/11\/Castell-de-Lladurs-1024x768-394x303.jpg 394w, https:\/\/vilanovadisanta.com\/wp-content\/uploads\/2020\/11\/Castell-de-Lladurs-1024x768-605x465.jpg 605w\" sizes=\"(max-width: 394px) 100vw, 394px\" \/>        <\/a>\n    \n<div class=\"post-inner\">\n    <h3 class=\"post-title\"><a href=\"https:\/\/vilanovadisanta.com\/es\/restauracio-del-castell-de-lladurs\/2673\/\">RESTAURACI\u00d3 DEL CASTELL DE LLADURS<\/a><\/h3>\n\n    <div class=\"post-meta\">\n    <a href=\"https:\/\/vilanovadisanta.com\/es\/category\/blog-es\/\" rel=\"category tag\">Blog<\/a><\/div>\n\n            <div class=\"entry-content post-excerpt\">\n            <p>\n                A Lladurs tenim la sort de tenir, entre altres indrets, un lloc molt especial com \u00e9s el Castell de Lladurs. Situat a la punta del Serrat del Castell i al costat de la primitiva Esgl\u00e9sia de Sant Mart\u00ed t\u00e9 unes &hellip; <a href=\"https:\/\/vilanovadisanta.com\/es\/restauracio-del-castell-de-lladurs\/2673\/\">Read More<\/a>            <\/p>\n        <\/div>\n            <div class=\"date-meta\">\n    <span class=\"thmv-author\">\n    <i class=\"xs-icon fa fa-calendar-o\"><\/i>\n    <!--div class=\"post-meta\"-->\n        <span class=\"themo-mas-date-meta show-author\"><a href=\"https:\/\/vilanovadisanta.com\/es\/author\/admin\/\" title=\"Entradas de admin\" rel=\"author\">admin<\/a><\/span>\n    <\/span>\n    \n        <time class=\"themo-mas-date-meta published thmv-date\" datetime=\"2020-12-06T09:09:51+00:00\">6 diciembre, 2020<\/time>\n            <!--\/div-->\n    <span class=\"is-sticky\">Featured Post<\/span>\n<\/div><\/div>\n                                <\/div>\n\n                            \n                        <\/div>\n                                            <\/section>\n\n                    \t\t<\/div>\n\t\t\t\t<\/div>\n\t\t\t\t\t<\/div>\n\t\t<\/div>\n\t\t\t\t\t<\/div>\n\t\t<\/section>\n\t\t\t\t<section class=\"elementor-section elementor-top-section elementor-element elementor-element-651897c9 elementor-section-height-min-height elementor-section-boxed elementor-section-height-default elementor-section-items-middle\" data-id=\"651897c9\" data-element_type=\"section\" data-settings=\"{&quot;background_background&quot;:&quot;classic&quot;}\">\n\t\t\t\t\t\t<div class=\"elementor-container elementor-column-gap-wider\">\n\t\t\t\t\t<div class=\"elementor-column elementor-col-50 elementor-top-column elementor-element elementor-element-7eb38bef\" data-id=\"7eb38bef\" data-element_type=\"column\" data-settings=\"{&quot;background_background&quot;:&quot;classic&quot;}\">\n\t\t\t<div class=\"elementor-widget-wrap elementor-element-populated\">\n\t\t\t\t\t\t<div class=\"elementor-element elementor-element-60039f44 elementor-position-left elementor-view-default elementor-widget elementor-widget-themo-header\" data-id=\"60039f44\" data-element_type=\"widget\" data-widget_type=\"themo-header.default\">\n\t\t\t\t<div class=\"elementor-widget-container\">\n\t\t\t\t\t<div class=\"th-header-wrap\">\n        <div class=\"elementor-icon-box-wrapper \">\n                            <div class=\"elementor-icon-box-content\">\n                    <h3 class=\"elementor-icon-box-title\">\n                        Sobre nosotros                    <\/h3>\n                                        <p class=\"elementor-icon-box-description\">En 2010 empezamos la aventura del turismo rural en nuestra casa, una mas\u00eda con m\u00e1s de 1000 a\u00f1os de historia. Nos gusta que qui\u00e9n venga a disfrutar de una estancia a Vilanova d\u2019Isanta pueda disfrutar del entorno y el sitio tanto como nosotros lo hacemos desde hace tantos a\u00f1os y se vaya con un buen recuerdo del Solson\u00e8s.\n\nEsperamos que os sint\u00e1is como en casa. Fina y Joan. <\/p>\n\n                                    <\/div>\n            <\/div>\n\n        <\/div>\n\n\t\t\t\t<\/div>\n\t\t\t\t<\/div>\n\t\t\t\t\t<\/div>\n\t\t<\/div>\n\t\t\t\t<div class=\"elementor-column elementor-col-50 elementor-top-column elementor-element elementor-element-25f5d71b\" data-id=\"25f5d71b\" data-element_type=\"column\" data-settings=\"{&quot;background_background&quot;:&quot;classic&quot;}\">\n\t\t\t<div class=\"elementor-widget-wrap elementor-element-populated\">\n\t\t\t\t\t\t<div class=\"elementor-element elementor-element-1bb5217 elementor-widget elementor-widget-image\" data-id=\"1bb5217\" data-element_type=\"widget\" data-widget_type=\"image.default\">\n\t\t\t\t<div class=\"elementor-widget-container\">\n\t\t\t\t\t\t\t\t\t\t\t\t\t<img loading=\"lazy\" decoding=\"async\" width=\"700\" height=\"525\" src=\"https:\/\/vilanovadisanta.com\/wp-content\/uploads\/2019\/01\/IMG_8307.jpg\" class=\"attachment-large size-large wp-image-1918\" alt=\"Fina i Joan\" srcset=\"https:\/\/vilanovadisanta.com\/wp-content\/uploads\/2019\/01\/IMG_8307.jpg 700w, https:\/\/vilanovadisanta.com\/wp-content\/uploads\/2019\/01\/IMG_8307-300x225.jpg 300w, https:\/\/vilanovadisanta.com\/wp-content\/uploads\/2019\/01\/IMG_8307-113x85.jpg 113w, https:\/\/vilanovadisanta.com\/wp-content\/uploads\/2019\/01\/IMG_8307-107x80.jpg 107w, https:\/\/vilanovadisanta.com\/wp-content\/uploads\/2019\/01\/IMG_8307-394x296.jpg 394w\" sizes=\"(max-width: 700px) 100vw, 700px\" \/>\t\t\t\t\t\t\t\t\t\t\t\t\t<\/div>\n\t\t\t\t<\/div>\n\t\t\t\t\t<\/div>\n\t\t<\/div>\n\t\t\t\t\t<\/div>\n\t\t<\/section>\n\t\t\t\t<section class=\"elementor-section elementor-top-section elementor-element elementor-element-51ee4439 elementor-section-boxed elementor-section-height-default elementor-section-height-default\" data-id=\"51ee4439\" data-element_type=\"section\" data-settings=\"{&quot;background_background&quot;:&quot;classic&quot;}\">\n\t\t\t\t\t\t<div class=\"elementor-container elementor-column-gap-default\">\n\t\t\t\t\t<div class=\"elementor-column elementor-col-100 elementor-top-column elementor-element elementor-element-2439791c\" data-id=\"2439791c\" data-element_type=\"column\">\n\t\t\t<div class=\"elementor-widget-wrap elementor-element-populated\">\n\t\t\t\t\t\t<div class=\"elementor-element elementor-element-2ce0bfa8 elementor-widget elementor-widget-spacer\" data-id=\"2ce0bfa8\" data-element_type=\"widget\" data-widget_type=\"spacer.default\">\n\t\t\t\t<div class=\"elementor-widget-container\">\n\t\t\t\t\t<div class=\"elementor-spacer\">\n\t\t\t<div class=\"elementor-spacer-inner\"><\/div>\n\t\t<\/div>\n\t\t\t\t<\/div>\n\t\t\t\t<\/div>\n\t\t\t\t\t<\/div>\n\t\t<\/div>\n\t\t\t\t\t<\/div>\n\t\t<\/section>\n\t\t\t\t<\/div>\n\t\t","protected":false},"excerpt":{"rendered":"<p>UNA EXPERIENCIA RURAL NUESTRAS CASAS UN ENTORNO \u00daNICO VER M\u00c1S LAS MEJORES INSTALACIONES M\u00c1S INFORMACI\u00d3N VILANOVA D&#039;ISANTA Gran casa rural situada al pie de la monta\u00f1a de Port del Comte, a 1000 metros de altura. En una finca dedicada a &hellip; <a href=\"https:\/\/vilanovadisanta.com\/es\/restauracio-del-castell-de-lladurs\/2673\/\">Read More<\/a><\/p>\n","protected":false},"author":1,"featured_media":0,"parent":0,"menu_order":4,"comment_status":"closed","ping_status":"closed","template":"","meta":{"footnotes":""},"class_list":["post-1741","page","type-page","status-publish","hentry"],"yoast_head":"<!-- This site is optimized with the Yoast SEO plugin v26.7 - https:\/\/yoast.com\/wordpress\/plugins\/seo\/ -->\n<title>Vilanova d&#039;Isanta - Casa rural del Solson\u00e8s<\/title>\n<meta name=\"description\" content=\"Casa de turismo rural situada en el Solson\u00e8s, a los pies del Port del Comte, con dos apartamentos independentes &quot;La Bassa&quot; i &quot;Spicatum&quot;.\" \/>\n<meta name=\"robots\" content=\"index, follow, max-snippet:-1, max-image-preview:large, max-video-preview:-1\" \/>\n<link rel=\"canonical\" href=\"http:\/\/vilanovadisanta.com\/es\/\" \/>\n<meta property=\"og:locale\" content=\"es_ES\" \/>\n<meta property=\"og:type\" content=\"article\" \/>\n<meta property=\"og:title\" content=\"Vilanova d&#039;Isanta - Casa rural del Solson\u00e8s\" \/>\n<meta property=\"og:description\" content=\"Casa de turismo rural situada en el Solson\u00e8s, a los pies del Port del Comte, con dos apartamentos independentes &quot;La Bassa&quot; i &quot;Spicatum&quot;.\" \/>\n<meta property=\"og:url\" content=\"http:\/\/vilanovadisanta.com\/es\/\" \/>\n<meta property=\"og:site_name\" content=\"Vilanova d&#039;Isanta\" \/>\n<meta property=\"article:modified_time\" content=\"2019-01-18T09:59:21+00:00\" \/>\n<meta property=\"og:image\" content=\"http:\/\/vilanovadisanta.com\/wp-content\/uploads\/2018\/05\/spicatum-min-394x303.jpg\" \/>\n<meta name=\"twitter:card\" content=\"summary_large_image\" \/>\n<meta name=\"twitter:label1\" content=\"Tiempo de lectura\" \/>\n\t<meta name=\"twitter:data1\" content=\"2 minutos\" \/>\n<script type=\"application\/ld+json\" class=\"yoast-schema-graph\">{\"@context\":\"https:\/\/schema.org\",\"@graph\":[{\"@type\":\"WebPage\",\"@id\":\"http:\/\/vilanovadisanta.com\/es\/\",\"url\":\"http:\/\/vilanovadisanta.com\/es\/\",\"name\":\"Vilanova d'Isanta - Casa rural del Solson\u00e8s\",\"isPartOf\":{\"@id\":\"https:\/\/vilanovadisanta.com\/#website\"},\"primaryImageOfPage\":{\"@id\":\"http:\/\/vilanovadisanta.com\/es\/#primaryimage\"},\"image\":{\"@id\":\"http:\/\/vilanovadisanta.com\/es\/#primaryimage\"},\"thumbnailUrl\":\"http:\/\/vilanovadisanta.com\/wp-content\/uploads\/2018\/05\/spicatum-min-394x303.jpg\",\"datePublished\":\"2017-12-01T21:09:29+00:00\",\"dateModified\":\"2019-01-18T09:59:21+00:00\",\"description\":\"Casa de turismo rural situada en el Solson\u00e8s, a los pies del Port del Comte, con dos apartamentos independentes \\\"La Bassa\\\" i \\\"Spicatum\\\".\",\"breadcrumb\":{\"@id\":\"http:\/\/vilanovadisanta.com\/es\/#breadcrumb\"},\"inLanguage\":\"es\",\"potentialAction\":[{\"@type\":\"ReadAction\",\"target\":[\"http:\/\/vilanovadisanta.com\/es\/\"]}]},{\"@type\":\"ImageObject\",\"inLanguage\":\"es\",\"@id\":\"http:\/\/vilanovadisanta.com\/es\/#primaryimage\",\"url\":\"http:\/\/vilanovadisanta.com\/wp-content\/uploads\/2018\/05\/spicatum-min-394x303.jpg\",\"contentUrl\":\"http:\/\/vilanovadisanta.com\/wp-content\/uploads\/2018\/05\/spicatum-min-394x303.jpg\"},{\"@type\":\"BreadcrumbList\",\"@id\":\"http:\/\/vilanovadisanta.com\/es\/#breadcrumb\",\"itemListElement\":[{\"@type\":\"ListItem\",\"position\":1,\"name\":\"Portada\",\"item\":\"http:\/\/vilanovadisanta.com\/es\/\"},{\"@type\":\"ListItem\",\"position\":2,\"name\":\"Vilanova d&#8217;Isanta\"}]},{\"@type\":\"WebSite\",\"@id\":\"https:\/\/vilanovadisanta.com\/#website\",\"url\":\"https:\/\/vilanovadisanta.com\/\",\"name\":\"Vilanova d&#039;Isanta\",\"description\":\"\",\"publisher\":{\"@id\":\"https:\/\/vilanovadisanta.com\/#organization\"},\"potentialAction\":[{\"@type\":\"SearchAction\",\"target\":{\"@type\":\"EntryPoint\",\"urlTemplate\":\"https:\/\/vilanovadisanta.com\/?s={search_term_string}\"},\"query-input\":{\"@type\":\"PropertyValueSpecification\",\"valueRequired\":true,\"valueName\":\"search_term_string\"}}],\"inLanguage\":\"es\"},{\"@type\":\"Organization\",\"@id\":\"https:\/\/vilanovadisanta.com\/#organization\",\"name\":\"Vilanova d&#039;Isanta\",\"url\":\"https:\/\/vilanovadisanta.com\/\",\"logo\":{\"@type\":\"ImageObject\",\"inLanguage\":\"es\",\"@id\":\"https:\/\/vilanovadisanta.com\/#\/schema\/logo\/image\/\",\"url\":\"https:\/\/vilanovadisanta.com\/wp-content\/uploads\/2018\/09\/LogoVilanova_blanc-bo.png\",\"contentUrl\":\"https:\/\/vilanovadisanta.com\/wp-content\/uploads\/2018\/09\/LogoVilanova_blanc-bo.png\",\"width\":300,\"height\":136,\"caption\":\"Vilanova d&#039;Isanta\"},\"image\":{\"@id\":\"https:\/\/vilanovadisanta.com\/#\/schema\/logo\/image\/\"}}]}<\/script>\n<!-- \/ Yoast SEO plugin. -->","yoast_head_json":{"title":"Vilanova d'Isanta - Casa rural del Solson\u00e8s","description":"Casa de turismo rural situada en el Solson\u00e8s, a los pies del Port del Comte, con dos apartamentos independentes \"La Bassa\" i \"Spicatum\".","robots":{"index":"index","follow":"follow","max-snippet":"max-snippet:-1","max-image-preview":"max-image-preview:large","max-video-preview":"max-video-preview:-1"},"canonical":"http:\/\/vilanovadisanta.com\/es\/","og_locale":"es_ES","og_type":"article","og_title":"Vilanova d'Isanta - Casa rural del Solson\u00e8s","og_description":"Casa de turismo rural situada en el Solson\u00e8s, a los pies del Port del Comte, con dos apartamentos independentes \"La Bassa\" i \"Spicatum\".","og_url":"http:\/\/vilanovadisanta.com\/es\/","og_site_name":"Vilanova d&#039;Isanta","article_modified_time":"2019-01-18T09:59:21+00:00","og_image":[{"url":"http:\/\/vilanovadisanta.com\/wp-content\/uploads\/2018\/05\/spicatum-min-394x303.jpg","type":"","width":"","height":""}],"twitter_card":"summary_large_image","twitter_misc":{"Tiempo de lectura":"2 minutos"},"schema":{"@context":"https:\/\/schema.org","@graph":[{"@type":"WebPage","@id":"http:\/\/vilanovadisanta.com\/es\/","url":"http:\/\/vilanovadisanta.com\/es\/","name":"Vilanova d'Isanta - Casa rural del Solson\u00e8s","isPartOf":{"@id":"https:\/\/vilanovadisanta.com\/#website"},"primaryImageOfPage":{"@id":"http:\/\/vilanovadisanta.com\/es\/#primaryimage"},"image":{"@id":"http:\/\/vilanovadisanta.com\/es\/#primaryimage"},"thumbnailUrl":"http:\/\/vilanovadisanta.com\/wp-content\/uploads\/2018\/05\/spicatum-min-394x303.jpg","datePublished":"2017-12-01T21:09:29+00:00","dateModified":"2019-01-18T09:59:21+00:00","description":"Casa de turismo rural situada en el Solson\u00e8s, a los pies del Port del Comte, con dos apartamentos independentes \"La Bassa\" i \"Spicatum\".","breadcrumb":{"@id":"http:\/\/vilanovadisanta.com\/es\/#breadcrumb"},"inLanguage":"es","potentialAction":[{"@type":"ReadAction","target":["http:\/\/vilanovadisanta.com\/es\/"]}]},{"@type":"ImageObject","inLanguage":"es","@id":"http:\/\/vilanovadisanta.com\/es\/#primaryimage","url":"http:\/\/vilanovadisanta.com\/wp-content\/uploads\/2018\/05\/spicatum-min-394x303.jpg","contentUrl":"http:\/\/vilanovadisanta.com\/wp-content\/uploads\/2018\/05\/spicatum-min-394x303.jpg"},{"@type":"BreadcrumbList","@id":"http:\/\/vilanovadisanta.com\/es\/#breadcrumb","itemListElement":[{"@type":"ListItem","position":1,"name":"Portada","item":"http:\/\/vilanovadisanta.com\/es\/"},{"@type":"ListItem","position":2,"name":"Vilanova d&#8217;Isanta"}]},{"@type":"WebSite","@id":"https:\/\/vilanovadisanta.com\/#website","url":"https:\/\/vilanovadisanta.com\/","name":"Vilanova d&#039;Isanta","description":"","publisher":{"@id":"https:\/\/vilanovadisanta.com\/#organization"},"potentialAction":[{"@type":"SearchAction","target":{"@type":"EntryPoint","urlTemplate":"https:\/\/vilanovadisanta.com\/?s={search_term_string}"},"query-input":{"@type":"PropertyValueSpecification","valueRequired":true,"valueName":"search_term_string"}}],"inLanguage":"es"},{"@type":"Organization","@id":"https:\/\/vilanovadisanta.com\/#organization","name":"Vilanova d&#039;Isanta","url":"https:\/\/vilanovadisanta.com\/","logo":{"@type":"ImageObject","inLanguage":"es","@id":"https:\/\/vilanovadisanta.com\/#\/schema\/logo\/image\/","url":"https:\/\/vilanovadisanta.com\/wp-content\/uploads\/2018\/09\/LogoVilanova_blanc-bo.png","contentUrl":"https:\/\/vilanovadisanta.com\/wp-content\/uploads\/2018\/09\/LogoVilanova_blanc-bo.png","width":300,"height":136,"caption":"Vilanova d&#039;Isanta"},"image":{"@id":"https:\/\/vilanovadisanta.com\/#\/schema\/logo\/image\/"}}]}},"_links":{"self":[{"href":"https:\/\/vilanovadisanta.com\/es\/wp-json\/wp\/v2\/pages\/1741","targetHints":{"allow":["GET"]}}],"collection":[{"href":"https:\/\/vilanovadisanta.com\/es\/wp-json\/wp\/v2\/pages"}],"about":[{"href":"https:\/\/vilanovadisanta.com\/es\/wp-json\/wp\/v2\/types\/page"}],"author":[{"embeddable":true,"href":"https:\/\/vilanovadisanta.com\/es\/wp-json\/wp\/v2\/users\/1"}],"replies":[{"embeddable":true,"href":"https:\/\/vilanovadisanta.com\/es\/wp-json\/wp\/v2\/comments?post=1741"}],"version-history":[{"count":9,"href":"https:\/\/vilanovadisanta.com\/es\/wp-json\/wp\/v2\/pages\/1741\/revisions"}],"predecessor-version":[{"id":2244,"href":"https:\/\/vilanovadisanta.com\/es\/wp-json\/wp\/v2\/pages\/1741\/revisions\/2244"}],"wp:attachment":[{"href":"https:\/\/vilanovadisanta.com\/es\/wp-json\/wp\/v2\/media?parent=1741"}],"curies":[{"name":"wp","href":"https:\/\/api.w.org\/{rel}","templated":true}]}}